{"id":15045,"date":"2021-03-23T18:46:15","date_gmt":"2021-03-23T17:46:15","guid":{"rendered":"https:\/\/radarservice.eu\/produkt\/genevo-gps-poi-warner\/"},"modified":"2021-03-23T18:46:15","modified_gmt":"2021-03-23T17:46:15","slug":"genevo-gps-poi-warner","status":"publish","type":"product","link":"https:\/\/radarservice.eu\/es\/producto\/genevo-gps-poi-warner\/","title":{"rendered":"Genevo GPS+ POI Warner"},"content":{"rendered":"<p>El nuevo Genevo GPS+ POI Warner se fija al parabrisas en cuesti\u00f3n de segundos mediante ventosas y se conecta al encendedor de 12V.<br \/>\nEl GPS+ Warner te avisa de los sistemas de control de velocidad fija y de sem\u00e1foros en rojo en toda Europa, el aviso es con anuncio de voz en alem\u00e1n.<\/p>\n<p><p>Opcionalmente, el Genevo GPS+ Warner puede conectarse de forma inal\u00e1mbrica con la antena de radar y l\u00e1ser Genevo HD+. Esta combinaci\u00f3n crea un detector de radar fijo completo con aviso de radar, l\u00e1ser y GPS.<\/p>\n<p><p><strong>Presentaci\u00f3n:<\/strong><br \/>\n+ Aviso de radar estacionario<br \/>.<br \/>\n+ Aviso de control de luces rojas<br \/>\n+ Advertencia para las medidas de control de secci\u00f3n (controles de secci\u00f3n)<br \/>\n+ se\u00f1ales de alarma en alem\u00e1n<br \/>\n+ Adecuado para su uso en Europa<br \/>\n+ Base de datos EUROPA para radares fijos ya preinstalada<\/p>\n<p><strong>Compatibilidad:<\/strong><br \/>\nAntena de radar inal\u00e1mbrica Genevo HD+ (+599,00)<\/p>\n<p><p><strong>Alcance de la entrega:<\/strong><br \/>\n* Genevo GPS+ POI Warner<br \/>\n* Cable de conexi\u00f3n a la red el\u00e9ctrica de 12V<\/p>\n","protected":false},"excerpt":{"rendered":"<p>El nuevo Genevo GPS+ POI Warner se fija al parabrisas en cuesti\u00f3n de segundos mediante ventosas y se conecta al encendedor de 12V. El GPS+ Warner te avisa de los sistemas de control de velocidad fija y de sem\u00e1foros en rojo en toda Europa, el aviso es con anuncio de voz en alem\u00e1n. Opcionalmente, el [&#8230;]\n","protected":false},"featured_media":15046,"comment_status":"open","ping_status":"closed","template":"","meta":[],"product_brand":[],"product_cat":[931,899],"product_tag":[902,1001,926,1002,962],"class_list":{"0":"post-15045","1":"product","2":"type-product","3":"status-publish","4":"has-post-thumbnail","6":"product_cat-detectores-de-pdi-por-gps","7":"product_cat-genevo-es","8":"product_tag-europa-es","9":"product_tag-genevo-gps-es","10":"product_tag-poi-warner-es","11":"product_tag-radar-de-velocidad","12":"product_tag-trampa-de-velocidad","14":"first","15":"instock","16":"taxable","17":"shipping-taxable","18":"purchasable","19":"product-type-simple"},"yoast_head":"<!-- This site is optimized with the Yoast SEO plugin v27.2 - https:\/\/yoast.com\/product\/yoast-seo-wordpress\/ -->\n<title>Genevo GPS+ POI Warner | Radar Service<\/title>\n<meta name=\"description\" content=\"El Genevo GPS+ Warner le avisa de los sistemas fijos de control de velocidad y de los sem\u00e1foros en rojo en toda Europa.\" \/>\n<meta name=\"robots\" content=\"index, follow, max-snippet:-1, max-image-preview:large, max-video-preview:-1\" \/>\n<link rel=\"canonical\" href=\"https:\/\/radarservice.eu\/es\/producto\/genevo-gps-poi-warner\/\" \/>\n<meta property=\"og:locale\" content=\"es_ES\" \/>\n<meta property=\"og:type\" content=\"article\" \/>\n<meta property=\"og:title\" content=\"Genevo GPS+ POI Warner | Radar Service\" \/>\n<meta property=\"og:description\" content=\"El Genevo GPS+ Warner le avisa de los sistemas fijos de control de velocidad y de los sem\u00e1foros en rojo en toda Europa.\" \/>\n<meta property=\"og:url\" content=\"https:\/\/radarservice.eu\/es\/producto\/genevo-gps-poi-warner\/\" \/>\n<meta property=\"og:site_name\" content=\"Radar Service\" \/>\n<meta property=\"og:image\" content=\"https:\/\/radarservice.eu\/wp-content\/uploads\/2020\/09\/Genevo_GPS_Plus.jpg\" \/>\n\t<meta property=\"og:image:width\" content=\"1800\" \/>\n\t<meta property=\"og:image:height\" content=\"1286\" \/>\n\t<meta property=\"og:image:type\" content=\"image\/jpeg\" \/>\n<meta name=\"twitter:card\" content=\"summary_large_image\" \/>\n<meta name=\"twitter:label1\" content=\"Tiempo de lectura\" \/>\n\t<meta name=\"twitter:data1\" content=\"1 minuto\" \/>\n<script type=\"application\/ld+json\" class=\"yoast-schema-graph\">{\"@context\":\"https:\/\/schema.org\",\"@graph\":[{\"@type\":\"WebPage\",\"@id\":\"https:\/\/radarservice.eu\/es\/producto\/genevo-gps-poi-warner\/\",\"url\":\"https:\/\/radarservice.eu\/es\/producto\/genevo-gps-poi-warner\/\",\"name\":\"Genevo GPS+ POI Warner | Radar Service\",\"isPartOf\":{\"@id\":\"https:\/\/radarservice.eu\/es\/#website\"},\"primaryImageOfPage\":{\"@id\":\"https:\/\/radarservice.eu\/es\/producto\/genevo-gps-poi-warner\/#primaryimage\"},\"image\":{\"@id\":\"https:\/\/radarservice.eu\/es\/producto\/genevo-gps-poi-warner\/#primaryimage\"},\"thumbnailUrl\":\"https:\/\/radarservice.eu\/wp-content\/uploads\/2020\/09\/Genevo_GPS_Plus.jpg\",\"datePublished\":\"2021-03-23T17:46:15+00:00\",\"description\":\"El Genevo GPS+ Warner le avisa de los sistemas fijos de control de velocidad y de los sem\u00e1foros en rojo en toda Europa.\",\"breadcrumb\":{\"@id\":\"https:\/\/radarservice.eu\/es\/producto\/genevo-gps-poi-warner\/#breadcrumb\"},\"inLanguage\":\"es\",\"potentialAction\":[{\"@type\":\"ReadAction\",\"target\":[\"https:\/\/radarservice.eu\/es\/producto\/genevo-gps-poi-warner\/\"]}]},{\"@type\":\"ImageObject\",\"inLanguage\":\"es\",\"@id\":\"https:\/\/radarservice.eu\/es\/producto\/genevo-gps-poi-warner\/#primaryimage\",\"url\":\"https:\/\/radarservice.eu\/wp-content\/uploads\/2020\/09\/Genevo_GPS_Plus.jpg\",\"contentUrl\":\"https:\/\/radarservice.eu\/wp-content\/uploads\/2020\/09\/Genevo_GPS_Plus.jpg\",\"width\":1800,\"height\":1286,\"caption\":\"Genevo GPS Plus\"},{\"@type\":\"BreadcrumbList\",\"@id\":\"https:\/\/radarservice.eu\/es\/producto\/genevo-gps-poi-warner\/#breadcrumb\",\"itemListElement\":[{\"@type\":\"ListItem\",\"position\":1,\"name\":\"Tienda\",\"item\":\"https:\/\/radarservice.eu\/es\/tienda\/\"},{\"@type\":\"ListItem\",\"position\":2,\"name\":\"Genevo GPS+ POI Warner\"}]},{\"@type\":\"WebSite\",\"@id\":\"https:\/\/radarservice.eu\/es\/#website\",\"url\":\"https:\/\/radarservice.eu\/es\/\",\"name\":\"Radar Service\",\"description\":\"Radar detector Laser jammer mobile fix\",\"publisher\":{\"@id\":\"https:\/\/radarservice.eu\/es\/#organization\"},\"potentialAction\":[{\"@type\":\"SearchAction\",\"target\":{\"@type\":\"EntryPoint\",\"urlTemplate\":\"https:\/\/radarservice.eu\/es\/?s={search_term_string}\"},\"query-input\":{\"@type\":\"PropertyValueSpecification\",\"valueRequired\":true,\"valueName\":\"search_term_string\"}}],\"inLanguage\":\"es\"},{\"@type\":\"Organization\",\"@id\":\"https:\/\/radarservice.eu\/es\/#organization\",\"name\":\"RadarService\",\"url\":\"https:\/\/radarservice.eu\/es\/\",\"logo\":{\"@type\":\"ImageObject\",\"inLanguage\":\"es\",\"@id\":\"https:\/\/radarservice.eu\/es\/#\/schema\/logo\/image\/\",\"url\":\"https:\/\/radarservice.eu\/wp-content\/uploads\/2021\/03\/Radar_detector_service.png\",\"contentUrl\":\"https:\/\/radarservice.eu\/wp-content\/uploads\/2021\/03\/Radar_detector_service.png\",\"width\":174,\"height\":48,\"caption\":\"RadarService\"},\"image\":{\"@id\":\"https:\/\/radarservice.eu\/es\/#\/schema\/logo\/image\/\"}}]}<\/script>\n<!-- \/ Yoast SEO plugin. -->","yoast_head_json":{"title":"Genevo GPS+ POI Warner | Radar Service","description":"El Genevo GPS+ Warner le avisa de los sistemas fijos de control de velocidad y de los sem\u00e1foros en rojo en toda Europa.","robots":{"index":"index","follow":"follow","max-snippet":"max-snippet:-1","max-image-preview":"max-image-preview:large","max-video-preview":"max-video-preview:-1"},"canonical":"https:\/\/radarservice.eu\/es\/producto\/genevo-gps-poi-warner\/","og_locale":"es_ES","og_type":"article","og_title":"Genevo GPS+ POI Warner | Radar Service","og_description":"El Genevo GPS+ Warner le avisa de los sistemas fijos de control de velocidad y de los sem\u00e1foros en rojo en toda Europa.","og_url":"https:\/\/radarservice.eu\/es\/producto\/genevo-gps-poi-warner\/","og_site_name":"Radar Service","og_image":[{"width":1800,"height":1286,"url":"https:\/\/radarservice.eu\/wp-content\/uploads\/2020\/09\/Genevo_GPS_Plus.jpg","type":"image\/jpeg"}],"twitter_card":"summary_large_image","twitter_misc":{"Tiempo de lectura":"1 minuto"},"schema":{"@context":"https:\/\/schema.org","@graph":[{"@type":"WebPage","@id":"https:\/\/radarservice.eu\/es\/producto\/genevo-gps-poi-warner\/","url":"https:\/\/radarservice.eu\/es\/producto\/genevo-gps-poi-warner\/","name":"Genevo GPS+ POI Warner | Radar Service","isPartOf":{"@id":"https:\/\/radarservice.eu\/es\/#website"},"primaryImageOfPage":{"@id":"https:\/\/radarservice.eu\/es\/producto\/genevo-gps-poi-warner\/#primaryimage"},"image":{"@id":"https:\/\/radarservice.eu\/es\/producto\/genevo-gps-poi-warner\/#primaryimage"},"thumbnailUrl":"https:\/\/radarservice.eu\/wp-content\/uploads\/2020\/09\/Genevo_GPS_Plus.jpg","datePublished":"2021-03-23T17:46:15+00:00","description":"El Genevo GPS+ Warner le avisa de los sistemas fijos de control de velocidad y de los sem\u00e1foros en rojo en toda Europa.","breadcrumb":{"@id":"https:\/\/radarservice.eu\/es\/producto\/genevo-gps-poi-warner\/#breadcrumb"},"inLanguage":"es","potentialAction":[{"@type":"ReadAction","target":["https:\/\/radarservice.eu\/es\/producto\/genevo-gps-poi-warner\/"]}]},{"@type":"ImageObject","inLanguage":"es","@id":"https:\/\/radarservice.eu\/es\/producto\/genevo-gps-poi-warner\/#primaryimage","url":"https:\/\/radarservice.eu\/wp-content\/uploads\/2020\/09\/Genevo_GPS_Plus.jpg","contentUrl":"https:\/\/radarservice.eu\/wp-content\/uploads\/2020\/09\/Genevo_GPS_Plus.jpg","width":1800,"height":1286,"caption":"Genevo GPS Plus"},{"@type":"BreadcrumbList","@id":"https:\/\/radarservice.eu\/es\/producto\/genevo-gps-poi-warner\/#breadcrumb","itemListElement":[{"@type":"ListItem","position":1,"name":"Tienda","item":"https:\/\/radarservice.eu\/es\/tienda\/"},{"@type":"ListItem","position":2,"name":"Genevo GPS+ POI Warner"}]},{"@type":"WebSite","@id":"https:\/\/radarservice.eu\/es\/#website","url":"https:\/\/radarservice.eu\/es\/","name":"Radar Service","description":"Radar detector Laser jammer mobile fix","publisher":{"@id":"https:\/\/radarservice.eu\/es\/#organization"},"potentialAction":[{"@type":"SearchAction","target":{"@type":"EntryPoint","urlTemplate":"https:\/\/radarservice.eu\/es\/?s={search_term_string}"},"query-input":{"@type":"PropertyValueSpecification","valueRequired":true,"valueName":"search_term_string"}}],"inLanguage":"es"},{"@type":"Organization","@id":"https:\/\/radarservice.eu\/es\/#organization","name":"RadarService","url":"https:\/\/radarservice.eu\/es\/","logo":{"@type":"ImageObject","inLanguage":"es","@id":"https:\/\/radarservice.eu\/es\/#\/schema\/logo\/image\/","url":"https:\/\/radarservice.eu\/wp-content\/uploads\/2021\/03\/Radar_detector_service.png","contentUrl":"https:\/\/radarservice.eu\/wp-content\/uploads\/2021\/03\/Radar_detector_service.png","width":174,"height":48,"caption":"RadarService"},"image":{"@id":"https:\/\/radarservice.eu\/es\/#\/schema\/logo\/image\/"}}]}},"_links":{"self":[{"href":"https:\/\/radarservice.eu\/es\/wp-json\/wp\/v2\/product\/15045","targetHints":{"allow":["GET"]}}],"collection":[{"href":"https:\/\/radarservice.eu\/es\/wp-json\/wp\/v2\/product"}],"about":[{"href":"https:\/\/radarservice.eu\/es\/wp-json\/wp\/v2\/types\/product"}],"replies":[{"embeddable":true,"href":"https:\/\/radarservice.eu\/es\/wp-json\/wp\/v2\/comments?post=15045"}],"wp:featuredmedia":[{"embeddable":true,"href":"https:\/\/radarservice.eu\/es\/wp-json\/wp\/v2\/media\/15046"}],"wp:attachment":[{"href":"https:\/\/radarservice.eu\/es\/wp-json\/wp\/v2\/media?parent=15045"}],"wp:term":[{"taxonomy":"product_brand","embeddable":true,"href":"https:\/\/radarservice.eu\/es\/wp-json\/wp\/v2\/product_brand?post=15045"},{"taxonomy":"product_cat","embeddable":true,"href":"https:\/\/radarservice.eu\/es\/wp-json\/wp\/v2\/product_cat?post=15045"},{"taxonomy":"product_tag","embeddable":true,"href":"https:\/\/radarservice.eu\/es\/wp-json\/wp\/v2\/product_tag?post=15045"}],"curies":[{"name":"wp","href":"https:\/\/api.w.org\/{rel}","templated":true}]}}